{"id":111,"date":"2022-01-26T12:14:43","date_gmt":"2022-01-26T12:14:43","guid":{"rendered":"http:\/\/www.sakaconsulting.com\/integrated-border-management-related-services\/"},"modified":"2022-03-30T06:27:32","modified_gmt":"2022-03-30T06:27:32","slug":"entegre-sinir-yonetimi-esy","status":"publish","type":"page","link":"https:\/\/www.sakaconsulting.com\/tr\/entegre-sinir-yonetimi-esy\/","title":{"rendered":"Entegre S\u0131n\u0131r Y\u00f6netimi (ESY)"},"content":{"rendered":"<p style=\"text-align: justify;\">Entegre S\u0131n\u0131r Y\u00f6netimi (ESY), en k\u0131sa tan\u0131m\u0131yla, \u00fclkelerin s\u0131n\u0131r kap\u0131lar\u0131nda g\u00f6revli ulusal t\u00fcm payda\u015flar aras\u0131nda gerekli olan koordinasyon ve i\u015f birli\u011finin sa\u011flanmas\u0131 suretiyle yasal ticareti ve yolcu ak\u0131\u015f\u0131n\u0131 \u00fclke, toplum ve \u00e7evre g\u00fcvenli\u011fine y\u00f6nelik tehditleri \u00f6nlemek suretiyle kolayla\u015ft\u0131rmakt\u0131r. Ancak, bu kavram\u0131n geni\u015f tan\u0131m\u0131n\u0131n kom\u015fu \u00fclke ve uluslararas\u0131 kurum ve kurulu\u015flar\u0131 ile i\u015f birli\u011fi ve koordinasyonu da kapsamakta oldu\u011funu belirtmek gerekir.<\/p>\n<p style=\"text-align: justify;\">ESY\u2019nin geli\u015ftirilmesi, ba\u015far\u0131l\u0131 \u015fekilde uygulamaya konulmas\u0131, \u00f6zellikle s\u00fcrd\u00fcr\u00fclebilirli\u011fi hemen hemen her \u00fclkenin h\u00fck\u00fcmet programlar\u0131nda bir hedef olarak yer almas\u0131na kar\u015f\u0131l\u0131k siyasi tercihlerden \u00fclkenin co\u011frafi yap\u0131s\u0131na kadar de\u011fi\u015fik fakt\u00f6rler nedeniyle, standart ve uluslararas\u0131 ba\u011flay\u0131c\u0131 bir ESY modeli yoktur. Bu ise, uygulamada \u00e7ok say\u0131da ve farkl\u0131 ESY modellerinin uygulama bulmas\u0131na neden olmaktad\u0131r.<\/p>\n<p>Di\u011fer yandan, her \u00fclkenin kendi \u015fartlar\u0131na uygun olarak geli\u015ftirdi\u011fi ve uygulamaya koydu\u011fu Entegre S\u0131n\u0131r Y\u00f6netimi modelinin de performans\u0131 devaml\u0131 olarak tart\u0131\u015fmaya a\u00e7\u0131k olmu\u015ftur. Bunun temelinde, konunun son derece i\u00e7icice ve karma\u015f\u0131k mevzuat dizinin uyumundan, farkl\u0131 yetkilere sahip \u00e7ok say\u0131da payda\u015f\u0131n ayn\u0131 e\u015fyay\u0131 veya arac\u0131 kontrol etme yetkisine kar\u015f\u0131l\u0131k uygulad\u0131klar\u0131 kontrol ve standartlardaki farkl\u0131l\u0131klar kadar kurumlar aras\u0131 istihbarat, bilgi ve belge payla\u015f\u0131m\u0131 ile risk analizi konular\u0131ndaki yetersizlikleri yan\u0131nda kom\u015fu \u00fclkenin g\u00fcmr\u00fck idaresi ile \u00e7al\u0131\u015fma saatlerinin uyumla\u015ft\u0131r\u0131lmas\u0131 gibi \u00e7ok say\u0131da \u00f6nemli di\u011fer fakt\u00f6rlerin bir arada ele al\u0131nmas\u0131ndaki zorluklar olabilmektedir.<\/p>\n<p>\u015eirketimiz, se\u00e7kin uluslararas\u0131 deneyimli uzmanlar\u0131yla, uluslararas\u0131 kurulu\u015flara, h\u00fck\u00fcmetlere, bakanl\u0131klara, s\u0131n\u0131rda g\u00f6rev yapan g\u00fcmr\u00fck idaresi ba\u015fta olmak \u00fczere Entegre S\u0131n\u0131r Y\u00f6netimi ile ilgili t\u00fcm kamu ve \u00f6zel sekt\u00f6r kurulu\u015flar\u0131na a\u015fa\u011f\u0131daki alanlarda profesyonel olarak hizmet vermeye haz\u0131rd\u0131r.<\/p>\n<p style=\"text-align: justify;\"><strong>1. BO\u015eLUK\u00a0 \u0130HT\u0130YA\u00c7 ANAL\u0130ZLER\u0130 VE TAVS\u0130YELER<\/strong><\/p>\n<ul>\n<li>MEVCUT ESY PRO\u011eRAMININ DE\u011eERLEND\u0130R\u0130LMES\u0130<\/li>\n<li>YASAL VE \u0130DAR\u0130 \u00c7ERCEVEN\u0130N \u0130NCELENMES\u0130<\/li>\n<li>\u0130\u00c7 VE DI\u015e R\u0130SKLER\u0130N BEL\u0130RLENMES\u0130 VE KALDIRILMASI<\/li>\n<li>PAYDA\u015eLAR VE \u0130\u015eB\u0130RL\u0130\u011e\u0130 STRATEJ\u0130LER\u0130<\/li>\n<li>B\u0130LG\u0130 VE BELGE PAYLA\u015eIMI<\/li>\n<\/ul>\n<p style=\"text-align: justify;\"><strong>2. ULUSAL ENTEGRE SINIR Y\u00d6NET\u0130M\u0130 PRO\u011eRAMI VE YOL HAR\u0130TASI GEL\u0130\u015eT\u0130R\u0130LMES\u0130<\/strong><\/p>\n<p style=\"text-align: justify;\"><strong>3. KAMU VE \u00d6ZEL SEKT\u00d6R PAYDA\u015eLARI VE KOORD\u0130NASYON ARTTIRICI \u00d6NLEMLER<\/strong><\/p>\n<p style=\"text-align: justify;\"><strong>4. YASAL VE \u0130DAR\u0130 MEVZUAT<\/strong><\/p>\n<p style=\"text-align: justify;\"><strong>5. KURUMSAL \u00c7ERCEVE<\/strong><\/p>\n<p style=\"text-align: justify;\"><strong>6. <\/strong><strong>ULUSLARARASI VE KOM\u015eU \u00dcLKE PAYDA\u015eLARI \u0130LE KOORD\u0130NASYON<\/strong><strong> ARTTIRICI \u00d6NLEMLER<\/strong><\/p>\n<p style=\"text-align: justify;\"><strong>7. FARKINDALIK YARATMA VE ARTTIRMA STRATEJ\u0130LER\u0130<\/strong><\/p>\n<p style=\"text-align: justify;\"><strong>8. EN \u0130Y\u0130 ESY UYGULAMA \u00d6RNEKLER\u0130<\/strong><\/p>\n<p style=\"text-align: justify;\"><strong>9. E\u011e\u0130T\u0130M, \u00c7ALI\u015eTAY VE KONFERANS DESTE\u011e\u0130<\/strong><\/p>\n<ul>\n<li style=\"text-align: justify;\">E\u011e\u0130T\u0130M PROGRAMLARININ GEL\u0130\u015eT\u0130R\u0130LMES\u0130<\/li>\n<li style=\"text-align: justify;\">E\u011e\u0130T\u0130MC\u0130 VE KATILIMCILAR \u0130\u00c7\u0130N EL K\u0130TABI<\/li>\n<li style=\"text-align: justify;\">DERS PLANLARININ OLU\u015eTURULMASI<\/li>\n<li style=\"text-align: justify;\">DERS MATERYALLARININ OLU\u015eTURULMASI<\/li>\n<li style=\"text-align: justify;\">B\u0130REYSEL VE GRUP \u00c7ALI\u015eMALARI \u0130\u00c7\u0130N \u00d6RNEK OLAYLAR<\/li>\n<li style=\"text-align: justify;\">B\u0130REYSEL VE GRUP \u00c7ALI\u015eMALARI \u0130\u00c7\u0130N SENARYO YAZILIMI<\/li>\n<li style=\"text-align: justify;\">TEMEL VE \u0130LER\u0130 D\u00dcZEY KURSLAR (E\u011e\u0130T\u0130C\u0130LER\u0130N E\u011e\u0130T\u0130M\u0130 KURSU DAH\u0130L)<\/li>\n<li style=\"text-align: justify;\">SINIF E\u011e\u0130T\u0130MLER\u0130 VE \u00c7ALI\u015eTAYLAR D\u00dcZENLENMES\u0130 (\u00c7EVR\u0130M \u0130\u00c7\u0130 VEYA Y\u00dcZY\u00dcZE)<\/li>\n<\/ul>\n","protected":false},"excerpt":{"rendered":"<p>Entegre S\u0131n\u0131r Y\u00f6netimi (ESY), en k\u0131sa tan\u0131m\u0131yla, \u00fclkelerin s\u0131n\u0131r kap\u0131lar\u0131nda g\u00f6revli ulusal t\u00fcm payda\u015flar aras\u0131nda gerekli olan koordinasyon ve i\u015f birli\u011finin sa\u011flanmas\u0131 suretiyle yasal ticareti ve<span class=\"excerpt-hellip\"> [\u2026]<\/span><\/p>\n","protected":false},"author":1,"featured_media":0,"parent":0,"menu_order":0,"comment_status":"closed","ping_status":"closed","template":"","meta":{"rs_blank_template":"","rs_page_bg_color":"","slide_template_v7":"","footnotes":""},"class_list":["post-111","page","type-page","status-publish","hentry"],"_links":{"self":[{"href":"https:\/\/www.sakaconsulting.com\/tr\/wp-json\/wp\/v2\/pages\/111","targetHints":{"allow":["GET"]}}],"collection":[{"href":"https:\/\/www.sakaconsulting.com\/tr\/wp-json\/wp\/v2\/pages"}],"about":[{"href":"https:\/\/www.sakaconsulting.com\/tr\/wp-json\/wp\/v2\/types\/page"}],"author":[{"embeddable":true,"href":"https:\/\/www.sakaconsulting.com\/tr\/wp-json\/wp\/v2\/users\/1"}],"replies":[{"embeddable":true,"href":"https:\/\/www.sakaconsulting.com\/tr\/wp-json\/wp\/v2\/comments?post=111"}],"version-history":[{"count":0,"href":"https:\/\/www.sakaconsulting.com\/tr\/wp-json\/wp\/v2\/pages\/111\/revisions"}],"wp:attachment":[{"href":"https:\/\/www.sakaconsulting.com\/tr\/wp-json\/wp\/v2\/media?parent=111"}],"curies":[{"name":"wp","href":"https:\/\/api.w.org\/{rel}","templated":true}]}}